{"id":262536,"date":"2025-05-19T16:28:01","date_gmt":"2025-05-19T14:28:01","guid":{"rendered":"https:\/\/www.maenner.ch\/adhesion-collective\/"},"modified":"2025-06-24T14:38:59","modified_gmt":"2025-06-24T12:38:59","slug":"adhesion-collective","status":"publish","type":"page","link":"https:\/\/www.maenner.ch\/fr\/adhesion-collective\/","title":{"rendered":"Membres collectifs"},"content":{"rendered":"\t\t<div data-elementor-type=\"wp-page\" data-elementor-id=\"262536\" class=\"elementor elementor-262536 elementor-256060\" data-elementor-post-type=\"page\">\n\t\t\t\t<div class=\"elementor-element elementor-element-5063afd e-flex e-con-boxed e-con e-parent\" data-id=\"5063afd\" data-element_type=\"container\" data-e-type=\"container\" data-settings=\"{&quot;background_background&quot;:&quot;classic&quot;,&quot;jet_parallax_layout_list&quot;:[]}\">\n\t\t\t\t\t<div class=\"e-con-inner\">\n\t\t<div class=\"elementor-element elementor-element-352b94e e-con-full e-flex e-con e-child\" data-id=\"352b94e\" data-element_type=\"container\" data-e-type=\"container\" data-settings=\"{&quot;jet_parallax_layout_list&quot;:[]}\">\n\t\t\t\t<\/div>\n\t\t\t\t\t<\/div>\n\t\t\t\t<\/div>\n\t\t<div class=\"elementor-element elementor-element-86f1485 e-con-full e-flex e-con e-parent\" data-id=\"86f1485\" data-element_type=\"container\" data-e-type=\"container\" data-settings=\"{&quot;background_background&quot;:&quot;classic&quot;,&quot;jet_parallax_layout_list&quot;:[]}\">\n\t\t\t\t<div class=\"elementor-element elementor-element-ec98836 elementor-widget elementor-widget-image\" data-id=\"ec98836\" data-element_type=\"widget\" data-e-type=\"widget\" data-widget_type=\"image.default\">\n\t\t\t\t\t\t\t\t\t\t\t\t\t\t\t<img decoding=\"async\" width=\"4200\" height=\"1317\" src=\"https:\/\/www.maenner.ch\/wp-content\/uploads\/Asset-10@3x-2-e1744390440775.png\" class=\"attachment-large size-large wp-image-3837\" alt=\"\" \/>\t\t\t\t\t\t\t\t\t\t\t\t\t\t\t<\/div>\n\t\t\t\t<\/div>\n\t\t<div class=\"elementor-element elementor-element-ed65c91 e-flex e-con-boxed e-con e-parent\" data-id=\"ed65c91\" data-element_type=\"container\" data-e-type=\"container\" data-settings=\"{&quot;jet_parallax_layout_list&quot;:[]}\">\n\t\t\t\t\t<div class=\"e-con-inner\">\n\t\t\t\t<div class=\"elementor-element elementor-element-4f96565 jet-breadcrumbs-on-front-yes elementor-widget__width-initial elementor-invisible elementor-widget elementor-widget-jet-breadcrumbs\" data-id=\"4f96565\" data-element_type=\"widget\" data-e-type=\"widget\" data-settings=\"{&quot;_animation&quot;:&quot;fadeInUp&quot;}\" data-widget_type=\"jet-breadcrumbs.default\">\n\t\t\t\t<div class=\"elementor-widget-container\">\n\t\t\t\t\t<div class=\"elementor-jet-breadcrumbs jet-blocks\">\n\t\t<div class=\"jet-breadcrumbs\">\n\t\t<div class=\"jet-breadcrumbs__content\">\n\t\t<div class=\"jet-breadcrumbs__wrap\"><div class=\"jet-breadcrumbs__item\"><a href=\"https:\/\/www.maenner.ch\/fr\/\" class=\"jet-breadcrumbs__item-link is-home\" rel=\"home\" title=\"Page d&#8217;accueil\">Page d&#8217;accueil<\/a><\/div>\n\t\t<\/div>\n\t\t<\/div>\n\t\t<\/div><\/div>\t\t\t\t<\/div>\n\t\t\t\t<\/div>\n\t\t\t\t\t<\/div>\n\t\t\t\t<\/div>\n\t\t<div class=\"elementor-element elementor-element-b961149 e-flex e-con-boxed e-con e-parent\" data-id=\"b961149\" data-element_type=\"container\" data-e-type=\"container\" data-settings=\"{&quot;jet_parallax_layout_list&quot;:[]}\">\n\t\t\t\t\t<div class=\"e-con-inner\">\n\t\t\t\t<div class=\"elementor-element elementor-element-922fed2 elementor-widget__width-initial elementor-widget-tablet__width-inherit header-straight-lines elementor-invisible elementor-widget elementor-widget-heading\" data-id=\"922fed2\" data-element_type=\"widget\" data-e-type=\"widget\" data-settings=\"{&quot;_animation&quot;:&quot;fadeInUp&quot;}\" data-widget_type=\"heading.default\">\n\t\t\t\t\t<h1 class=\"elementor-heading-title elementor-size-default\">Membres collectifs\n<\/h1>\t\t\t\t<\/div>\n\t\t\t\t<div class=\"elementor-element elementor-element-4ce4d27 text-des-under elementor-widget elementor-widget-text-editor\" data-id=\"4ce4d27\" data-element_type=\"widget\" data-e-type=\"widget\" data-widget_type=\"text-editor.default\">\n\t\t\t\t\t\t\t\t\t<p>m\u00e4nner.ch est l&#8217;association fa\u00eeti\u00e8re des organisations progressistes suisses d&#8217;hommes et de p\u00e8res. Nous r\u00e9unissons les initiatives masculines r\u00e9gionales, les individus, les couples et les entreprises int\u00e9ress\u00e9s, ainsi que les professionnel.les et les services sp\u00e9cialis\u00e9s dans le travail avec les gar\u00e7ons, les hommes et les p\u00e8res. Ainsi, m\u00e4nner.ch perp\u00e9tue l&#8217;h\u00e9ritage historique du mouvement masculin des ann\u00e9es 1980 et 1990.  <\/p>\t\t\t\t\t\t\t\t<\/div>\n\t\t\t\t<div class=\"elementor-element elementor-element-f65f662 text-des-under elementor-widget elementor-widget-text-editor\" data-id=\"f65f662\" data-element_type=\"widget\" data-e-type=\"widget\" data-widget_type=\"text-editor.default\">\n\t\t\t\t\t\t\t\t\t<p>Pour savoir qui est d\u00e9j\u00e0 membre collectif, <a href=\"https:\/\/www.maenner.ch\/fr\/association\/\">cliquez ici<\/a>.<\/p>\t\t\t\t\t\t\t\t<\/div>\n\t\t\t\t\t<\/div>\n\t\t\t\t<\/div>\n\t\t<div class=\"elementor-element elementor-element-a4c076f pad-b-s e-flex e-con-boxed e-con e-parent\" data-id=\"a4c076f\" data-element_type=\"container\" data-e-type=\"container\" data-settings=\"{&quot;jet_parallax_layout_list&quot;:[]}\">\n\t\t\t\t\t<div class=\"e-con-inner\">\n\t\t\t\t<div class=\"elementor-element elementor-element-c17d866 elementor-widget-divider--view-line elementor-widget elementor-widget-divider\" data-id=\"c17d866\" data-element_type=\"widget\" data-e-type=\"widget\" data-widget_type=\"divider.default\">\n\t\t\t\t\t\t\t<div class=\"elementor-divider\">\n\t\t\t<span class=\"elementor-divider-separator\">\n\t\t\t\t\t\t<\/span>\n\t\t<\/div>\n\t\t\t\t\t\t<\/div>\n\t\t\t\t<div class=\"elementor-element elementor-element-1ec818f elementor-widget__width-initial elementor-widget-tablet__width-inherit elementor-invisible elementor-widget elementor-widget-heading\" data-id=\"1ec818f\" data-element_type=\"widget\" data-e-type=\"widget\" data-settings=\"{&quot;_animation&quot;:&quot;fadeInUp&quot;}\" data-widget_type=\"heading.default\">\n\t\t\t\t\t<h2 class=\"elementor-heading-title elementor-size-default\">Adh\u00e9sion \u00e0 titre de membre collectif : \u00e0 quoi bon ?!<\/h2>\t\t\t\t<\/div>\n\t\t\t\t<div class=\"elementor-element elementor-element-e3d3527 elementor-widget elementor-widget-text-editor\" data-id=\"e3d3527\" data-element_type=\"widget\" data-e-type=\"widget\" data-widget_type=\"text-editor.default\">\n\t\t\t\t\t\t\t\t\t<p>L&#8217;adh\u00e9sion \u00e0 titre de membre collectif pr\u00e9sente plusieurs avantages : Pour vous, pour nous et, en tant que fondement collectif fort, pour une soci\u00e9t\u00e9 \u00e9galitaire dans toute la Suisse.<\/p><p>Nous avons rassembl\u00e9 ici pour vous les arguments :<\/p>\t\t\t\t\t\t\t\t<\/div>\n\t\t\t\t<div class=\"elementor-element elementor-element-8ab0656 accordion-sec elementor-invisible elementor-widget elementor-widget-jet-accordion\" data-id=\"8ab0656\" data-element_type=\"widget\" data-e-type=\"widget\" data-settings=\"{&quot;_animation&quot;:&quot;fadeInUp&quot;}\" data-widget_type=\"jet-accordion.default\">\n\t\t\t\t<div class=\"elementor-widget-container\">\n\t\t\t\t\t\t\t\t\t<div class=\"jet-accordion\" data-settings=\"{&quot;collapsible&quot;:true,&quot;ajaxTemplate&quot;:false,&quot;switchScrolling&quot;:false,&quot;switchScrollingTablet&quot;:false,&quot;switchScrollingMobile&quot;:false,&quot;switchScrollingOffset&quot;:{&quot;size&quot;:0,&quot;unit&quot;:&quot;px&quot;},&quot;switchScrollingOffsetTablet&quot;:{&quot;size&quot;:0,&quot;unit&quot;:&quot;px&quot;},&quot;switchScrollingOffsetMobile&quot;:{&quot;size&quot;:0,&quot;unit&quot;:&quot;px&quot;},&quot;switchScrollingDelay&quot;:500,&quot;switchScrollingDelayTablet&quot;:500,&quot;switchScrollingDelayMobile&quot;:500}\">\n\t\t\t<div class=\"jet-accordion__inner\">\n\t\t\t\t<div class=\" jet-accordion__item jet-toggle jet-toggle-move-up-effect \">\n\t\t\t\t\t\t\t<div id=\"jet-toggle-control-1451\" class=\"jet-toggle__control elementor-menu-anchor\" data-toggle=\"1\" role=\"button\" tabindex=\"0\" aria-controls=\"jet-toggle-content-1451\" aria-expanded=\"false\" data-template-id=\"false\">\n\t\t\t\t\t\t\t\t<div class=\"jet-toggle__label-icon jet-toggle-icon-position-right\"><span class=\"jet-toggle__icon icon-normal jet-tabs-icon\"><svg class=\"e-font-icon-svg e-fas-arrow-right\" viewBox=\"0 0 448 512\" xmlns=\"http:\/\/www.w3.org\/2000\/svg\"><path d=\"M190.5 66.9l22.2-22.2c9.4-9.4 24.6-9.4 33.9 0L441 239c9.4 9.4 9.4 24.6 0 33.9L246.6 467.3c-9.4 9.4-24.6 9.4-33.9 0l-22.2-22.2c-9.5-9.5-9.3-25 .4-34.3L311.4 296H24c-13.3 0-24-10.7-24-24v-32c0-13.3 10.7-24 24-24h287.4L190.9 101.2c-9.8-9.3-10-24.8-.4-34.3z\"><\/path><\/svg><\/span><span class=\"jet-toggle__icon icon-active jet-tabs-icon\"><svg class=\"e-font-icon-svg e-fas-arrow-down\" viewBox=\"0 0 448 512\" xmlns=\"http:\/\/www.w3.org\/2000\/svg\"><path d=\"M413.1 222.5l22.2 22.2c9.4 9.4 9.4 24.6 0 33.9L241 473c-9.4 9.4-24.6 9.4-33.9 0L12.7 278.6c-9.4-9.4-9.4-24.6 0-33.9l22.2-22.2c9.5-9.5 25-9.3 34.3.4L184 343.4V56c0-13.3 10.7-24 24-24h32c13.3 0 24 10.7 24 24v287.4l114.8-120.5c9.3-9.8 24.8-10 34.3-.4z\"><\/path><\/svg><\/span><\/div><div class=\"jet-toggle__label-text\">en savoir plus<\/div>\t\t\t\t\t\t\t<\/div>\n\t\t\t\t\t\t\t<div id=\"jet-toggle-content-1451\" class=\"jet-toggle__content\" data-toggle=\"1\" role=\"region\" data-template-id=\"false\">\n\t\t\t\t\t\t\t\t<div class=\"jet-toggle__content-inner\"><p><strong>Mise en r\u00e9seau dans toute la Suisse<\/strong> avec d&#8217;autres organisations d&#8217;hommes et de p\u00e8res et avec des sp\u00e9cialistes du travail avec les hommes, les gar\u00e7ons et les p\u00e8res. Gr\u00e2ce \u00e0 nos coll\u00e8gues romands, nous jetons \u00e9galement un pont entre la Suisse romande et la Suisse al\u00e9manique. <\/p>\n<p><strong>Restez au courant<\/strong> gr\u00e2ce \u00e0 notre newsletter mensuelle et aux newsletters sp\u00e9cialement adress\u00e9es aux membres &#8211; avec les informations les plus importantes sur les d\u00e9veloppements en lien avec la politique de genre, en particulier masculine ainsi que sur toutes les activit\u00e9s de m\u00e4nner.ch.<\/p>\n<p><strong>Progresser sur le plan professionnel.<\/strong> En effet, m\u00e4nner.ch se d\u00e9veloppe en permanence et renforce son r\u00f4le d&#8217;association sp\u00e9cialis\u00e9e, qui apporte une r\u00e9flexion professionnelle sur le travail avec les gar\u00e7ons, les hommes et les p\u00e8res, et nous rapproche de domaines des soins (care). Les membres b\u00e9n\u00e9ficient d&#8217;un tarif sp\u00e9cial pour les cours, les journ\u00e9es professionnelles, les plates-formes de mise en r\u00e9seau et d&#8217;autres \u00e9v\u00e9nements. <\/p>\n<p><strong>Act local, think national :<\/strong> ce qui d\u00e9termine la vie des hommes et les rapports entre les genres ne se d\u00e9cide pas uniquement dans votre r\u00e9gion. Les conditions-cadres de la politique familiale en Suisse d\u00e9terminent par exemple dans quelle mesure les hommes r\u00e9ussissent leur entr\u00e9e dans la paternit\u00e9 &#8211; et dans quelle mesure les employeurs sont ouverts aux souhaits exprim\u00e9s par leur collaborateurs de temps partiel ult\u00e9rieurs. Cela se d\u00e9cide au niveau national. Et pour cela, il faut une association nationale forte qui, \u00e0 son tour, cr\u00e9e la l\u00e9gitimit\u00e9 et les ressources pour les initiatives r\u00e9gionales et les organisations professionnelles sp\u00e9cialis\u00e9es. Enfin, nous mettons \u00e9galement notre savoir-faire politique \u00e0 la disposition de nos membres pour le travail de plaidoyer au niveau cantonal.    <\/p>\n<p><strong>Participer au cours des choses<\/strong> en participant \u00e0 l&#8217;Assembl\u00e9e g\u00e9n\u00e9rale annuelle et\/ou en prenant part au d\u00e9veloppement programmatique et professionnel de m\u00e4nner.ch.<\/p>\n<\/div>\n\t\t\t\t\t\t\t<\/div>\n\t\t\t\t\t\t<\/div>\t\t\t<\/div>\n\t\t<\/div>\n\t\t\t\t\t\t<\/div>\n\t\t\t\t<\/div>\n\t\t\t\t\t<\/div>\n\t\t\t\t<\/div>\n\t\t<div class=\"elementor-element elementor-element-205f37c pad-b-s e-flex e-con-boxed e-con e-parent\" data-id=\"205f37c\" data-element_type=\"container\" data-e-type=\"container\" data-settings=\"{&quot;jet_parallax_layout_list&quot;:[]}\">\n\t\t\t\t\t<div class=\"e-con-inner\">\n\t\t\t\t<div class=\"elementor-element elementor-element-c5d0e0c elementor-widget-divider--view-line elementor-widget elementor-widget-divider\" data-id=\"c5d0e0c\" data-element_type=\"widget\" data-e-type=\"widget\" data-widget_type=\"divider.default\">\n\t\t\t\t\t\t\t<div class=\"elementor-divider\">\n\t\t\t<span class=\"elementor-divider-separator\">\n\t\t\t\t\t\t<\/span>\n\t\t<\/div>\n\t\t\t\t\t\t<\/div>\n\t\t\t\t<div class=\"elementor-element elementor-element-e00aec0 elementor-widget__width-initial elementor-widget-tablet__width-inherit elementor-invisible elementor-widget elementor-widget-heading\" data-id=\"e00aec0\" data-element_type=\"widget\" data-e-type=\"widget\" data-settings=\"{&quot;_animation&quot;:&quot;fadeInUp&quot;}\" data-widget_type=\"heading.default\">\n\t\t\t\t\t<h2 class=\"elementor-heading-title elementor-size-default\">Conditions<\/h2>\t\t\t\t<\/div>\n\t\t\t\t<div class=\"elementor-element elementor-element-fef539b elementor-widget elementor-widget-text-editor\" data-id=\"fef539b\" data-element_type=\"widget\" data-e-type=\"widget\" data-widget_type=\"text-editor.default\">\n\t\t\t\t\t\t\t\t\t<p>Combien co\u00fbte une adh\u00e9sion \u00e0 titre de membre collectif et comment y acc\u00e9der ?<\/p>\t\t\t\t\t\t\t\t<\/div>\n\t\t\t\t<div class=\"elementor-element elementor-element-75f72cd accordion-sec elementor-invisible elementor-widget elementor-widget-jet-accordion\" data-id=\"75f72cd\" data-element_type=\"widget\" data-e-type=\"widget\" data-settings=\"{&quot;_animation&quot;:&quot;fadeInUp&quot;}\" data-widget_type=\"jet-accordion.default\">\n\t\t\t\t<div class=\"elementor-widget-container\">\n\t\t\t\t\t\t\t\t\t<div class=\"jet-accordion\" data-settings=\"{&quot;collapsible&quot;:true,&quot;ajaxTemplate&quot;:false,&quot;switchScrolling&quot;:false,&quot;switchScrollingTablet&quot;:false,&quot;switchScrollingMobile&quot;:false,&quot;switchScrollingOffset&quot;:{&quot;size&quot;:0,&quot;unit&quot;:&quot;px&quot;},&quot;switchScrollingOffsetTablet&quot;:{&quot;size&quot;:0,&quot;unit&quot;:&quot;px&quot;},&quot;switchScrollingOffsetMobile&quot;:{&quot;size&quot;:0,&quot;unit&quot;:&quot;px&quot;},&quot;switchScrollingDelay&quot;:500,&quot;switchScrollingDelayTablet&quot;:500,&quot;switchScrollingDelayMobile&quot;:500}\">\n\t\t\t<div class=\"jet-accordion__inner\">\n\t\t\t\t<div class=\" jet-accordion__item jet-toggle jet-toggle-move-up-effect \">\n\t\t\t\t\t\t\t<div id=\"jet-toggle-control-1231\" class=\"jet-toggle__control elementor-menu-anchor\" data-toggle=\"1\" role=\"button\" tabindex=\"0\" aria-controls=\"jet-toggle-content-1231\" aria-expanded=\"false\" data-template-id=\"false\">\n\t\t\t\t\t\t\t\t<div class=\"jet-toggle__label-icon jet-toggle-icon-position-right\"><span class=\"jet-toggle__icon icon-normal jet-tabs-icon\"><svg class=\"e-font-icon-svg e-fas-arrow-right\" viewBox=\"0 0 448 512\" xmlns=\"http:\/\/www.w3.org\/2000\/svg\"><path d=\"M190.5 66.9l22.2-22.2c9.4-9.4 24.6-9.4 33.9 0L441 239c9.4 9.4 9.4 24.6 0 33.9L246.6 467.3c-9.4 9.4-24.6 9.4-33.9 0l-22.2-22.2c-9.5-9.5-9.3-25 .4-34.3L311.4 296H24c-13.3 0-24-10.7-24-24v-32c0-13.3 10.7-24 24-24h287.4L190.9 101.2c-9.8-9.3-10-24.8-.4-34.3z\"><\/path><\/svg><\/span><span class=\"jet-toggle__icon icon-active jet-tabs-icon\"><svg class=\"e-font-icon-svg e-fas-arrow-down\" viewBox=\"0 0 448 512\" xmlns=\"http:\/\/www.w3.org\/2000\/svg\"><path d=\"M413.1 222.5l22.2 22.2c9.4 9.4 9.4 24.6 0 33.9L241 473c-9.4 9.4-24.6 9.4-33.9 0L12.7 278.6c-9.4-9.4-9.4-24.6 0-33.9l22.2-22.2c9.5-9.5 25-9.3 34.3.4L184 343.4V56c0-13.3 10.7-24 24-24h32c13.3 0 24 10.7 24 24v287.4l114.8-120.5c9.3-9.8 24.8-10 34.3-.4z\"><\/path><\/svg><\/span><\/div><div class=\"jet-toggle__label-text\">en savoir plus<\/div>\t\t\t\t\t\t\t<\/div>\n\t\t\t\t\t\t\t<div id=\"jet-toggle-content-1231\" class=\"jet-toggle__content\" data-toggle=\"1\" role=\"region\" data-template-id=\"false\">\n\t\t\t\t\t\t\t\t<div class=\"jet-toggle__content-inner\"><p>L&#8217;adh\u00e9sion \u00e0 titre de membre collectif co\u00fbte par an<\/p>\n<p><strong>&#8230;pour les organisations \u00e0 but lucratif : de CHF 400.- \u00e0 CHF 1&#8217;200.-<\/strong><br \/><strong>&#8230;pour les organisations \u00e0 but non lucratif : de CHF 200.- \u00e0 CHF 600.-<\/strong><\/p>\n<p>Conform\u00e9ment \u00e0 l&#8217;article 3 des statuts de l&#8217;association, l&#8217;admission en tant que membre collectif se fait par une d\u00e9cision du Comit\u00e9.<\/p>\n<p>Les personnes int\u00e9ress\u00e9es sont invit\u00e9es \u00e0 remplir le formulaire d&#8217;inscription ci-dessous. Nous vous contacterons. <\/p>\n<\/div>\n\t\t\t\t\t\t\t<\/div>\n\t\t\t\t\t\t<\/div>\t\t\t<\/div>\n\t\t<\/div>\n\t\t\t\t\t\t<\/div>\n\t\t\t\t<\/div>\n\t\t\t\t\t<\/div>\n\t\t\t\t<\/div>\n\t\t<div class=\"elementor-element elementor-element-45e19af pad-t-s pad-b-l e-flex e-con-boxed e-con e-parent\" data-id=\"45e19af\" data-element_type=\"container\" data-e-type=\"container\" data-settings=\"{&quot;jet_parallax_layout_list&quot;:[]}\">\n\t\t\t\t\t<div class=\"e-con-inner\">\n\t\t<div class=\"elementor-element elementor-element-9659774 e-con-full e-flex e-con e-child\" data-id=\"9659774\" data-element_type=\"container\" data-e-type=\"container\" data-settings=\"{&quot;jet_parallax_layout_list&quot;:[]}\">\n\t\t\t\t<div class=\"elementor-element elementor-element-10b5b98 elementor-widget elementor-widget-heading\" data-id=\"10b5b98\" data-element_type=\"widget\" data-e-type=\"widget\" data-widget_type=\"heading.default\">\n\t\t\t\t\t<h2 class=\"elementor-heading-title elementor-size-default\">Devenez membre collectif maintenant !<\/h2>\t\t\t\t<\/div>\n\t\t\t\t<div class=\"elementor-element elementor-element-db7dcf0 elementor-button-align-stretch elementor-widget elementor-widget-form\" data-id=\"db7dcf0\" data-element_type=\"widget\" data-e-type=\"widget\" data-settings=\"{&quot;step_next_label&quot;:&quot;Prochain&quot;,&quot;step_previous_label&quot;:&quot;Pr\\u00e9c\\u00e9dent&quot;,&quot;button_width&quot;:&quot;100&quot;,&quot;step_type&quot;:&quot;number_text&quot;,&quot;step_icon_shape&quot;:&quot;circle&quot;}\" data-widget_type=\"form.default\">\n\t\t\t\t\t\t\t<form class=\"elementor-form\" method=\"post\" name=\"Bulletin d&#039;information\" aria-label=\"Bulletin d&#039;information\">\n\t\t\t<input type=\"hidden\" name=\"post_id\" value=\"262536\"\/>\n\t\t\t<input type=\"hidden\" name=\"form_id\" value=\"db7dcf0\"\/>\n\t\t\t<input type=\"hidden\" name=\"referer_title\" value=\"\" \/>\n\n\t\t\t\n\t\t\t<div class=\"elementor-form-fields-wrapper elementor-labels-\">\n\t\t\t\t\t\t\t\t<div class=\"elementor-field-type-text elementor-field-group elementor-column elementor-field-group-104c8b3 elementor-col-100\">\n\t\t\t\t\t\t\t\t\t\t\t\t<label for=\"form-field-104c8b3\" class=\"elementor-field-label elementor-screen-only\">\n\t\t\t\t\t\t\t\tOrganisation\t\t\t\t\t\t\t<\/label>\n\t\t\t\t\t\t\t\t\t\t\t\t\t\t<input size=\"1\" type=\"text\" name=\"form_fields[104c8b3]\" id=\"form-field-104c8b3\" class=\"elementor-field elementor-size-sm  elementor-field-textual\" placeholder=\"Organisation\">\n\t\t\t\t\t\t\t\t\t\t\t<\/div>\n\t\t\t\t\t\t\t\t<div class=\"elementor-field-type-text elementor-field-group elementor-column elementor-field-group-name elementor-col-100\">\n\t\t\t\t\t\t\t\t\t\t\t\t<label for=\"form-field-name\" class=\"elementor-field-label elementor-screen-only\">\n\t\t\t\t\t\t\t\tNom et fonction Personne de contact\t\t\t\t\t\t\t<\/label>\n\t\t\t\t\t\t\t\t\t\t\t\t\t\t<input size=\"1\" type=\"text\" name=\"form_fields[name]\" id=\"form-field-name\" class=\"elementor-field elementor-size-sm  elementor-field-textual\" placeholder=\"Nom et fonction Personne de contact\">\n\t\t\t\t\t\t\t\t\t\t\t<\/div>\n\t\t\t\t\t\t\t\t<div class=\"elementor-field-type-email elementor-field-group elementor-column elementor-field-group-email elementor-col-100 elementor-field-required\">\n\t\t\t\t\t\t\t\t\t\t\t\t<label for=\"form-field-email\" class=\"elementor-field-label elementor-screen-only\">\n\t\t\t\t\t\t\t\tE-mail de la personne de contact\t\t\t\t\t\t\t<\/label>\n\t\t\t\t\t\t\t\t\t\t\t\t\t\t<input size=\"1\" type=\"email\" name=\"form_fields[email]\" id=\"form-field-email\" class=\"elementor-field elementor-size-sm  elementor-field-textual\" placeholder=\"E-mail de la personne de contact\" required=\"required\">\n\t\t\t\t\t\t\t\t\t\t\t<\/div>\n\t\t\t\t\t\t\t\t<div class=\"elementor-field-type-textarea elementor-field-group elementor-column elementor-field-group-field_558a86b elementor-col-100\">\n\t\t\t\t\t\t\t\t\t\t\t\t<label for=\"form-field-field_558a86b\" class=\"elementor-field-label elementor-screen-only\">\n\t\t\t\t\t\t\t\tBr\u00e8ve description de l'organisation\t\t\t\t\t\t\t<\/label>\n\t\t\t\t\t\t<textarea class=\"elementor-field-textual elementor-field  elementor-size-sm\" name=\"form_fields[field_558a86b]\" id=\"form-field-field_558a86b\" rows=\"4\" placeholder=\"Br\u00e8ve description de l&#039;organisation\"><\/textarea>\t\t\t\t<\/div>\n\t\t\t\t\t\t\t\t<div class=\"elementor-field-group elementor-column elementor-field-type-submit elementor-col-100 e-form__buttons\">\n\t\t\t\t\t<button class=\"elementor-button elementor-size-sm\" type=\"submit\">\n\t\t\t\t\t\t<span class=\"elementor-button-content-wrapper\">\n\t\t\t\t\t\t\t\t\t\t\t\t\t\t\t\t\t\t\t\t\t\t<span class=\"elementor-button-text\">Envoyer<\/span>\n\t\t\t\t\t\t\t\t\t\t\t\t\t<\/span>\n\t\t\t\t\t<\/button>\n\t\t\t\t<\/div>\n\t\t\t<\/div>\n\t\t<\/form>\n\t\t\t\t\t\t<\/div>\n\t\t\t\t<\/div>\n\t\t\t\t\t<\/div>\n\t\t\t\t<\/div>\n\t\t\t\t<\/div>\n\t\t","protected":false},"excerpt":{"rendered":"<p>Startseite Membres collectifs m\u00e4nner.ch est l&#8217;association fa\u00eeti\u00e8re des organisations progressistes suisses d&#8217;hommes et de p\u00e8res. Nous r\u00e9unissons les initiatives masculines r\u00e9gionales, les individus, les couples et les entreprises int\u00e9ress\u00e9s, ainsi que les professionnel.les et les services sp\u00e9cialis\u00e9s dans le travail avec les gar\u00e7ons, les hommes et les p\u00e8res. Ainsi, m\u00e4nner.ch perp\u00e9tue l&#8217;h\u00e9ritage historique du mouvement [&hellip;]<\/p>\n","protected":false},"author":3,"featured_media":0,"parent":0,"menu_order":0,"comment_status":"closed","ping_status":"closed","template":"","meta":{"_jf_limit_responses":"","iawp_total_views":9,"footnotes":""},"class_list":["post-262536","page","type-page","status-publish","hentry"],"_links":{"self":[{"href":"https:\/\/www.maenner.ch\/fr\/wp-json\/wp\/v2\/pages\/262536","targetHints":{"allow":["GET"]}}],"collection":[{"href":"https:\/\/www.maenner.ch\/fr\/wp-json\/wp\/v2\/pages"}],"about":[{"href":"https:\/\/www.maenner.ch\/fr\/wp-json\/wp\/v2\/types\/page"}],"author":[{"embeddable":true,"href":"https:\/\/www.maenner.ch\/fr\/wp-json\/wp\/v2\/users\/3"}],"replies":[{"embeddable":true,"href":"https:\/\/www.maenner.ch\/fr\/wp-json\/wp\/v2\/comments?post=262536"}],"version-history":[{"count":4,"href":"https:\/\/www.maenner.ch\/fr\/wp-json\/wp\/v2\/pages\/262536\/revisions"}],"predecessor-version":[{"id":263345,"href":"https:\/\/www.maenner.ch\/fr\/wp-json\/wp\/v2\/pages\/262536\/revisions\/263345"}],"wp:attachment":[{"href":"https:\/\/www.maenner.ch\/fr\/wp-json\/wp\/v2\/media?parent=262536"}],"curies":[{"name":"wp","href":"https:\/\/api.w.org\/{rel}","templated":true}]}}